{"id":1897,"date":"2023-11-14T17:12:01","date_gmt":"2023-11-14T16:12:01","guid":{"rendered":"https:\/\/supplaffairs.com\/politica-de-privacidad\/"},"modified":"2023-11-25T10:53:35","modified_gmt":"2023-11-25T09:53:35","slug":"politica-de-privacidade","status":"publish","type":"page","link":"https:\/\/supplaffairs.com\/pt-pt\/politica-de-privacidade\/","title":{"rendered":"Pol\u00edtica de privacidade"},"content":{"rendered":"\t\t<div data-elementor-type=\"wp-page\" data-elementor-id=\"1897\" class=\"elementor elementor-1897 elementor-1307\" data-elementor-post-type=\"page\">\n\t\t\t\t<div class=\"elementor-element elementor-element-3b5e58b0 e-flex e-con-boxed wpr-particle-no wpr-jarallax-no wpr-parallax-no wpr-sticky-section-no wpr-equal-height-no e-con e-parent\" data-id=\"3b5e58b0\" data-element_type=\"container\" data-e-type=\"container\">\n\t\t\t\t\t<div class=\"e-con-inner\">\n\t\t\t\t<div class=\"elementor-element elementor-element-186e910 elementor-widget elementor-widget-heading\" data-id=\"186e910\" data-element_type=\"widget\" data-e-type=\"widget\" data-widget_type=\"heading.default\">\n\t\t\t\t<div class=\"elementor-widget-container\">\n\t\t\t\t\t<h2 class=\"elementor-heading-title elementor-size-default\">Pol\u00edtica de privacidade<\/h2>\t\t\t\t<\/div>\n\t\t\t\t<\/div>\n\t\t\t\t<div class=\"elementor-element elementor-element-4a9ea147 elementor-widget elementor-widget-text-editor\" data-id=\"4a9ea147\" data-element_type=\"widget\" data-e-type=\"widget\" data-widget_type=\"text-editor.default\">\n\t\t\t\t<div class=\"elementor-widget-container\">\n\t\t\t\t\t\t\t\t\t<p>O Titular informa-o sobre a sua Pol\u00edtica de Privacidade relativa ao tratamento e prote\u00e7\u00e3o dos dados pessoais dos utilizadores que possam ser recolhidos durante a navega\u00e7\u00e3o atrav\u00e9s do Website: <a href=\"https:\/\/supplaffairs.com\/politica-de-privacidad\/\">https:\/\/supplaffairs.com<\/a><\/p><p>A este respeito, o Titular garante o cumprimento da legisla\u00e7\u00e3o vigente em mat\u00e9ria de prote\u00e7\u00e3o de dados pessoais, reflectida na Lei Org\u00e2nica 3\/2018, de 5 de dezembro, sobre a Prote\u00e7\u00e3o de Dados Pessoais e a Garantia dos Direitos Digitais (LOPD GDD). Tamb\u00e9m est\u00e1 em conformidade com o Regulamento (UE) 2016\/679 do Parlamento Europeu e do Conselho, de 27 de abril de 2016, relativo \u00e0 prote\u00e7\u00e3o das pessoas singulares (RGPD).<\/p><p>A utiliza\u00e7\u00e3o do s\u00edtio web implica a aceita\u00e7\u00e3o da presente Pol\u00edtica de Privacidade, bem como das condi\u00e7\u00f5es inclu\u00eddas no\u00a0<a href=\"https:\/\/supplaffairs.com\/pt-pt\/aviso-legal\/\">Aviso Legal<\/a>.<\/p><h2>Identidade do respons\u00e1vel<\/h2><ul><li><b>Respons\u00e1vel:<\/b> Eva Tejerina Teb\u00e9.<\/li><li><b>NIF:<\/b> 47723591V<\/li><li><b>Endere\u00e7o:<\/b> Rambla de les Vinyes, 45, 4-5, 08291 Ripollet, Barcelona &#8211; Espa\u00f1a.<\/li><li><b>Correio eletr\u00f3nico:<\/b> info@supplaffairs.com<\/li><li><b>S\u00edtio Web:<\/b> <a href=\"https:\/\/supplaffairs.com\/politica-de-privacidad\/\">https:\/\/supplaffairs.com<\/a><\/li><\/ul><h2>Princ\u00edpios aplicados no tratamento de dados<\/h2><p>No tratamento dos seus dados pessoais, o respons\u00e1vel pelo tratamento de dados aplicar\u00e1 os seguintes princ\u00edpios que cumprem os requisitos do novo Regulamento Europeu de Prote\u00e7\u00e3o de Dados (RGPD):<\/p><ul><li>Princ\u00edpio da licitude, da lealdade e da transpar\u00eancia: o Respons\u00e1vel pelo Tratamento exigir\u00e1 sempre o consentimento para o tratamento dos dados pessoais, que pode ser para uma ou mais finalidades espec\u00edficas, sobre as quais o Respons\u00e1vel pelo Tratamento informar\u00e1 previamente o Utilizador com absoluta transpar\u00eancia.<\/li><li>Princ\u00edpio da minimiza\u00e7\u00e3o dos dados: O Respons\u00e1vel pelo Tratamento solicitar\u00e1 apenas os dados estritamente necess\u00e1rios para a finalidade ou finalidades para as quais s\u00e3o solicitados.<\/li><li>Princ\u00edpio da limita\u00e7\u00e3o do per\u00edodo de conserva\u00e7\u00e3o: O respons\u00e1vel pelo tratamento conserva os dados pessoais recolhidos durante o tempo estritamente necess\u00e1rio para a finalidade ou finalidades do tratamento. O Respons\u00e1vel pelo Tratamento informa o Utilizador do per\u00edodo de conserva\u00e7\u00e3o relevante em fun\u00e7\u00e3o da finalidade. No caso das subscri\u00e7\u00f5es, o Respons\u00e1vel pelo Tratamento rev\u00ea periodicamente as listas e elimina os registos que tenham estado inactivos durante um per\u00edodo de tempo consider\u00e1vel.<\/li><li>Princ\u00edpio da integridade e confidencialidade: Os dados pessoais recolhidos ser\u00e3o tratados de forma a garantir a sua seguran\u00e7a, confidencialidade e integridade. O respons\u00e1vel pelo tratamento de dados toma as precau\u00e7\u00f5es necess\u00e1rias para impedir o acesso n\u00e3o autorizado ou a utiliza\u00e7\u00e3o abusiva dos dados dos seus utilizadores por terceiros.<\/li><\/ul><h2>Recolha de dados pessoais<\/h2><p>Para navegar no s\u00edtio Web, n\u00e3o \u00e9 necess\u00e1rio fornecer quaisquer dados pessoais.<\/p><h2>Direitos<\/h2><p>O respons\u00e1vel pelo tratamento de dados informa-o de que tem o direito de:<\/p><ul><li>Solicitar o acesso aos dados armazenados.<\/li><li>Solicitar a retifica\u00e7\u00e3o ou o apagamento.<\/li><li>Solicitar a limita\u00e7\u00e3o do seu tratamento.<\/li><li>Opor-se ao tratamento.<\/li><\/ul><p>N\u00e3o pode exercer o direito \u00e0 portabilidade dos dados.<\/p><p>O exerc\u00edcio destes direitos \u00e9 pessoal e, por conseguinte, deve ser exercido diretamente pelo titular dos dados, solicitando-o diretamente ao Respons\u00e1vel pelo Tratamento, o que significa que qualquer cliente, assinante ou colaborador que tenha fornecido os seus dados em qualquer momento pode contactar o Respons\u00e1vel pelo Tratamento e solicitar informa\u00e7\u00f5es sobre os dados armazenados e a forma como foram obtidos, solicitar a retifica\u00e7\u00e3o dos dados, opor-se ao seu tratamento, limitar a sua utiliza\u00e7\u00e3o ou solicitar a elimina\u00e7\u00e3o desses dados dos ficheiros do Respons\u00e1vel pelo Tratamento.<\/p><p>Para exercer os seus direitos, deve enviar o seu pedido, acompanhado de uma fotoc\u00f3pia do seu documento de identidade nacional ou equivalente, para o seguinte endere\u00e7o eletr\u00f3nico: info@supplaffairs.com.<\/p><p>O exerc\u00edcio destes direitos n\u00e3o inclui os dados que o respons\u00e1vel pelo tratamento de dados \u00e9 obrigado a conservar para fins administrativos, jur\u00eddicos ou de seguran\u00e7a.<\/p><p>Tem direito a uma prote\u00e7\u00e3o judicial eficaz e a apresentar uma queixa \u00e0 autoridade de controlo, neste caso, a Ag\u00eancia Espanhola de Prote\u00e7\u00e3o de Dados, se considerar que o tratamento dos dados pessoais que lhe dizem respeito viola o Regulamento.<\/p><h2 id=\"finalidad-del-tratamiento-de-datos-personales\">Objetivo do tratamento de dados pessoais<\/h2><p>Quando se liga ao S\u00edtio Web para enviar uma mensagem de correio eletr\u00f3nico ao Controlador de Dados, subscrever a sua newsletter, est\u00e1 a fornecer informa\u00e7\u00f5es pessoais pelas quais o Controlador de Dados \u00e9 respons\u00e1vel. Estas informa\u00e7\u00f5es podem incluir dados pessoais como o seu endere\u00e7o IP, nome pr\u00f3prio e apelido, endere\u00e7o f\u00edsico, endere\u00e7o de correio eletr\u00f3nico, n\u00famero de telefone e outras informa\u00e7\u00f5es. Ao fornecer estas informa\u00e7\u00f5es, o utilizador consente que as suas informa\u00e7\u00f5es sejam recolhidas, utilizadas, geridas e armazenadas por &#8211; Eva Tejerina Teb\u00e9 &#8211; apenas conforme descrito nas p\u00e1ginas:<\/p><ul><li><a href=\"https:\/\/supplaffairs.com\/pt-pt\/aviso-legal\/\">Aviso Legal<\/a><\/li><li><a href=\"https:\/\/supplaffairs.com\/pt-pt\/politica-de-privacidade\/\">Pol\u00edtica de Privacidade<\/a><\/li><\/ul><p>Os dados pessoais e a finalidade do tratamento pelo Titular s\u00e3o diferentes consoante o sistema de recolha de informa\u00e7\u00e3o:<\/p><p>Existem outras finalidades para as quais o Titular trata os dados pessoais:<\/p><ul><li>Para garantir o cumprimento das condi\u00e7\u00f5es estabelecidas na p\u00e1gina Aviso Legal e na legisla\u00e7\u00e3o aplic\u00e1vel. Isto pode incluir o desenvolvimento de ferramentas e algoritmos para ajudar o Website a garantir a confidencialidade dos dados pessoais que recolhe.<\/li><li>Para apoiar e melhorar os servi\u00e7os oferecidos por este S\u00edtio Web.<\/li><li>Para analisar a navega\u00e7\u00e3o dos utilizadores. O Propriet\u00e1rio recolhe outros dados n\u00e3o identific\u00e1veis obtidos atrav\u00e9s da utiliza\u00e7\u00e3o de cookies que s\u00e3o descarregados para o computador do Utilizador quando este navega no Site, cujas caracter\u00edsticas e finalidade s\u00e3o detalhadas na p\u00e1gina <a href=\"https:\/\/supplaffairs.com\/pt-pt\/politica-de-cookies\/\">Pol\u00edtica de Cookies<\/a>.<\/li><\/ul><h2>Seguran\u00e7a dos dados pessoais<\/h2><p>Para proteger os dados pessoais do Utilizador, o Propriet\u00e1rio toma todas as precau\u00e7\u00f5es razo\u00e1veis e segue as melhores pr\u00e1ticas da ind\u00fastria para evitar a sua perda, uso indevido, acesso impr\u00f3prio, divulga\u00e7\u00e3o, altera\u00e7\u00e3o ou destrui\u00e7\u00e3o.<\/p><p>Os seus dados podem ser incorporados num ficheiro de listas de distribui\u00e7\u00e3o, cuja gest\u00e3o e tratamento s\u00e3o da responsabilidade do Respons\u00e1vel pelo tratamento. A seguran\u00e7a dos seus dados \u00e9 garantida, uma vez que o respons\u00e1vel pelo tratamento adopta todas as medidas de seguran\u00e7a necess\u00e1rias e garante que os dados pessoais apenas ser\u00e3o utilizados para os fins previstos.<\/p><p>O Respons\u00e1vel pelo Tratamento informa o Utilizador de que os seus dados pessoais n\u00e3o ser\u00e3o transferidos para organiza\u00e7\u00f5es terceiras, exceto se essa transfer\u00eancia de dados estiver abrangida por uma obriga\u00e7\u00e3o legal ou se a presta\u00e7\u00e3o de um servi\u00e7o implicar a necessidade de uma rela\u00e7\u00e3o contratual com um processador de dados. Neste \u00faltimo caso, a transfer\u00eancia de dados para terceiros s\u00f3 ter\u00e1 lugar quando o respons\u00e1vel pelo tratamento de dados tiver o consentimento expresso do utilizador.<\/p><p>No entanto, em alguns casos, podem ser realizadas colabora\u00e7\u00f5es com outros profissionais; nesses casos, ser\u00e1 necess\u00e1rio o consentimento do Utilizador, informando-o da identidade do colaborador e da finalidade da colabora\u00e7\u00e3o. Esta colabora\u00e7\u00e3o ser\u00e1 sempre efectuada com as mais rigorosas normas de seguran\u00e7a.<\/p><h2>Conte\u00fado de outros s\u00edtios Web<\/h2><p>As p\u00e1ginas deste s\u00edtio Web podem incluir conte\u00fados incorporados (por exemplo, v\u00eddeos, imagens, artigos, etc.). O conte\u00fado incorporado de outros s\u00edtios Web comporta-se exatamente da mesma forma como se o utilizador tivesse visitado o outro s\u00edtio Web.<\/p><p>Estes s\u00edtios Web podem recolher dados sobre o utilizador, utilizar cookies, incorporar c\u00f3digo de rastreio adicional de terceiros e monitorizar a sua intera\u00e7\u00e3o utilizando este c\u00f3digo.<\/p><h2>Pol\u00edtica de Cookies<\/h2><p>Para que este s\u00edtio Web funcione corretamente, \u00e9 necess\u00e1rio utilizar cookies, que s\u00e3o informa\u00e7\u00f5es armazenadas no seu navegador Web.<\/p><p>Pode consultar todas as informa\u00e7\u00f5es relativas \u00e0 pol\u00edtica de recolha e tratamento de cookies na p\u00e1gina <a href=\"https:\/\/supplaffairs.com\/pt-pt\/politica-de-cookies\/\">Pol\u00edtica de Cookies<\/a>.<\/p><p><strong>Legitima\u00e7\u00e3o para o tratamento de dados<\/strong><\/p><p>A base legal para o processamento dos seus dados \u00e9:<\/p><ul><li><p>O consentimento do titular dos dados.<\/p><\/li><\/ul><h2>Categorias de dados pessoais<\/h2><p>As categorias de dados pessoais tratadas pelo respons\u00e1vel pelo tratamento de dados s\u00e3o:<\/p><ul><li>Dados de identifica\u00e7\u00e3o.<\/li><li>N\u00e3o s\u00e3o processadas categorias de dados especialmente protegidas.<\/li><\/ul><h2>Conserva\u00e7\u00e3o dos dados pessoais<\/h2><p>Os dados pessoais fornecidos ao respons\u00e1vel pelo tratamento de dados ser\u00e3o conservados at\u00e9 ao momento em que o respons\u00e1vel pelo tratamento de dados solicitar a sua elimina\u00e7\u00e3o.<\/p><div id=\"destinatarios\"><h2>Navega\u00e7\u00e3o na Web<\/h2><\/div><p>Ao navegar no s\u00edtio Web, podem ser recolhidos dados n\u00e3o identificadores, que podem incluir o endere\u00e7o IP, a geolocaliza\u00e7\u00e3o, um registo da forma como os servi\u00e7os e s\u00edtios s\u00e3o utilizados, h\u00e1bitos de navega\u00e7\u00e3o e outros dados que n\u00e3o podem ser utilizados para o identificar.<\/p><p>O s\u00edtio Web utiliza os seguintes servi\u00e7os de an\u00e1lise de terceiros:<\/p><p>O Titular utiliza as informa\u00e7\u00f5es obtidas para obter dados estat\u00edsticos, analisar tend\u00eancias, administrar o s\u00edtio, estudar padr\u00f5es de navega\u00e7\u00e3o e recolher informa\u00e7\u00f5es demogr\u00e1ficas.<\/p><p>O Titular n\u00e3o se responsabiliza pelo tratamento de dados pessoais por parte de s\u00edtios Web a que o utilizador possa aceder atrav\u00e9s das v\u00e1rias liga\u00e7\u00f5es contidas no s\u00edtio Web.<\/p><h2>Exatid\u00e3o e veracidade dos dados pessoais<\/h2><p>Voc\u00ea se compromete a que os dados fornecidos ao Propriet\u00e1rio sejam corretos, completos, exatos e atuais, bem como a mant\u00ea-los devidamente atualizados.<\/p><p>Como Utilizador do Website, \u00e9 o \u00fanico respons\u00e1vel pela veracidade e exatid\u00e3o dos dados submetidos ao Website, exonerando o Propriet\u00e1rio de qualquer responsabilidade a este respeito.<\/p><h2>Aceita\u00e7\u00e3o e consentimento<\/h2><p>Como Utilizador do Website, declara que foi informado sobre as condi\u00e7\u00f5es de prote\u00e7\u00e3o de dados pessoais, aceita e consente o processamento de tais dados pelo Propriet\u00e1rio na forma e para os fins indicados nesta Pol\u00edtica de Privacidade.<\/p><p>Para entrar em contacto com o Propriet\u00e1rio, subscrever um boletim informativo ou fazer coment\u00e1rios neste site, \u00e9 necess\u00e1rio aceitar esta Pol\u00edtica de Privacidade.<\/p><h2>Altera\u00e7\u00f5es \u00e0 Pol\u00edtica de Privacidade<\/h2><p>O Propriet\u00e1rio reserva-se o direito de modificar a presente Pol\u00edtica de Privacidade para a adaptar \u00e0 nova legisla\u00e7\u00e3o ou jurisprud\u00eancia, bem como \u00e0s pr\u00e1ticas do sector.<\/p><p>Estas pol\u00edticas manter-se-\u00e3o em vigor at\u00e9 serem modificadas por outras pol\u00edticas devidamente publicadas.<\/p>\t\t\t\t\t\t\t\t<\/div>\n\t\t\t\t<\/div>\n\t\t\t\t\t<\/div>\n\t\t\t\t<\/div>\n\t\t\t\t<\/div>\n\t\t","protected":false},"excerpt":{"rendered":"<p>Pol\u00edtica de privacidade O Titular informa-o sobre a sua Pol\u00edtica de Privacidade relativa ao tratamento e prote\u00e7\u00e3o dos dados pessoais dos utilizadores que possam ser recolhidos durante a navega\u00e7\u00e3o atrav\u00e9s do Website: https:\/\/supplaffairs.com A este respeito, o Titular garante o cumprimento da legisla\u00e7\u00e3o vigente em mat\u00e9ria de prote\u00e7\u00e3o de dados pessoais, reflectida na Lei Org\u00e2nica 3\/2018, de 5 de dezembro, sobre a Prote\u00e7\u00e3o de Dados Pessoais e a Garantia dos Direitos Digitais (LOPD GDD). Tamb\u00e9m est\u00e1 em conformidade com o Regulamento (UE) 2016\/679 do Parlamento Europeu e do Conselho, de 27 de abril de 2016, relativo \u00e0 prote\u00e7\u00e3o das pessoas singulares (RGPD). A utiliza\u00e7\u00e3o do s\u00edtio web implica a aceita\u00e7\u00e3o da presente Pol\u00edtica de Privacidade, bem como das condi\u00e7\u00f5es inclu\u00eddas no\u00a0Aviso Legal. Identidade do respons\u00e1vel Respons\u00e1vel: Eva Tejerina Teb\u00e9. NIF: 47723591V Endere\u00e7o: Rambla de les Vinyes, 45, 4-5, 08291 Ripollet, Barcelona &#8211; Espa\u00f1a. Correio eletr\u00f3nico: info@supplaffairs.com S\u00edtio Web: https:\/\/supplaffairs.com Princ\u00edpios aplicados no tratamento de dados No tratamento dos seus dados pessoais, o respons\u00e1vel pelo tratamento de dados aplicar\u00e1 os seguintes princ\u00edpios que cumprem os requisitos do novo Regulamento Europeu de Prote\u00e7\u00e3o de Dados (RGPD): Princ\u00edpio da licitude, da lealdade e da transpar\u00eancia: o Respons\u00e1vel pelo Tratamento exigir\u00e1 sempre o consentimento para o tratamento dos dados pessoais, que pode ser para uma ou mais finalidades espec\u00edficas, sobre as quais o Respons\u00e1vel pelo Tratamento informar\u00e1 previamente o Utilizador com absoluta transpar\u00eancia. Princ\u00edpio da minimiza\u00e7\u00e3o dos dados: O Respons\u00e1vel pelo Tratamento solicitar\u00e1 apenas os dados estritamente necess\u00e1rios para a finalidade ou finalidades para as quais s\u00e3o solicitados. Princ\u00edpio da limita\u00e7\u00e3o do per\u00edodo de conserva\u00e7\u00e3o: O respons\u00e1vel pelo tratamento conserva os dados pessoais recolhidos durante o tempo estritamente necess\u00e1rio para a finalidade ou finalidades do tratamento. O Respons\u00e1vel pelo Tratamento informa o Utilizador do per\u00edodo de conserva\u00e7\u00e3o relevante em fun\u00e7\u00e3o da finalidade. No caso das subscri\u00e7\u00f5es, o Respons\u00e1vel pelo Tratamento rev\u00ea periodicamente as listas e elimina os registos que tenham estado inactivos durante um per\u00edodo de tempo consider\u00e1vel. Princ\u00edpio da integridade e confidencialidade: Os dados pessoais recolhidos ser\u00e3o tratados de forma a garantir a sua seguran\u00e7a, confidencialidade e integridade. O respons\u00e1vel pelo tratamento de dados toma as precau\u00e7\u00f5es necess\u00e1rias para impedir o acesso n\u00e3o autorizado ou a utiliza\u00e7\u00e3o abusiva dos dados dos seus utilizadores por terceiros. Recolha de dados pessoais Para navegar no s\u00edtio Web, n\u00e3o \u00e9 necess\u00e1rio fornecer quaisquer dados pessoais. Direitos O respons\u00e1vel pelo tratamento de dados informa-o de que tem o direito de: Solicitar o acesso aos dados armazenados. Solicitar a retifica\u00e7\u00e3o ou o apagamento. Solicitar a limita\u00e7\u00e3o do seu tratamento. Opor-se ao tratamento. N\u00e3o pode exercer o direito \u00e0 portabilidade dos dados. O exerc\u00edcio destes direitos \u00e9 pessoal e, por conseguinte, deve ser exercido diretamente pelo titular dos dados, solicitando-o diretamente ao Respons\u00e1vel pelo Tratamento, o que significa que qualquer cliente, assinante ou colaborador que tenha fornecido os seus dados em qualquer momento pode contactar o Respons\u00e1vel pelo Tratamento e solicitar informa\u00e7\u00f5es sobre os dados armazenados e a forma como foram obtidos, solicitar a retifica\u00e7\u00e3o dos dados, opor-se ao seu tratamento, limitar a sua utiliza\u00e7\u00e3o ou solicitar a elimina\u00e7\u00e3o desses dados dos ficheiros do Respons\u00e1vel pelo Tratamento. Para exercer os seus direitos, deve enviar o seu pedido, acompanhado de uma fotoc\u00f3pia do seu documento de identidade nacional ou equivalente, para o seguinte endere\u00e7o eletr\u00f3nico: info@supplaffairs.com. O exerc\u00edcio destes direitos n\u00e3o inclui os dados que o respons\u00e1vel pelo tratamento de dados \u00e9 obrigado a conservar para fins administrativos, jur\u00eddicos ou de seguran\u00e7a. Tem direito a uma prote\u00e7\u00e3o judicial eficaz e a apresentar uma queixa \u00e0 autoridade de controlo, neste caso, a Ag\u00eancia Espanhola de Prote\u00e7\u00e3o de Dados, se considerar que o tratamento dos dados pessoais que lhe dizem respeito viola o Regulamento. Objetivo do tratamento de dados pessoais Quando se liga ao S\u00edtio Web para enviar uma mensagem de correio eletr\u00f3nico ao Controlador de Dados, subscrever a sua newsletter, est\u00e1 a fornecer informa\u00e7\u00f5es pessoais pelas quais o Controlador de Dados \u00e9 respons\u00e1vel. Estas informa\u00e7\u00f5es podem incluir dados pessoais como o seu endere\u00e7o IP, nome pr\u00f3prio e apelido, endere\u00e7o f\u00edsico, endere\u00e7o de correio eletr\u00f3nico, n\u00famero de telefone e outras informa\u00e7\u00f5es. Ao fornecer estas informa\u00e7\u00f5es, o utilizador consente que as suas informa\u00e7\u00f5es sejam recolhidas, utilizadas, geridas e armazenadas por &#8211; Eva Tejerina Teb\u00e9 &#8211; apenas conforme descrito nas p\u00e1ginas: Aviso Legal Pol\u00edtica de Privacidade Os dados pessoais e a finalidade do tratamento pelo Titular s\u00e3o diferentes consoante o sistema de recolha de informa\u00e7\u00e3o: Existem outras finalidades para as quais o Titular trata os dados pessoais: Para garantir o cumprimento das condi\u00e7\u00f5es estabelecidas na p\u00e1gina Aviso Legal e na legisla\u00e7\u00e3o aplic\u00e1vel. Isto pode incluir o desenvolvimento de ferramentas e algoritmos para ajudar o Website a garantir a confidencialidade dos dados pessoais que recolhe. Para apoiar e melhorar os servi\u00e7os oferecidos por este S\u00edtio Web. Para analisar a navega\u00e7\u00e3o dos utilizadores. O Propriet\u00e1rio recolhe outros dados n\u00e3o identific\u00e1veis obtidos atrav\u00e9s da utiliza\u00e7\u00e3o de cookies que s\u00e3o descarregados para o computador do Utilizador quando este navega no Site, cujas caracter\u00edsticas e finalidade s\u00e3o detalhadas na p\u00e1gina Pol\u00edtica de Cookies. Seguran\u00e7a dos dados pessoais Para proteger os dados pessoais do Utilizador, o Propriet\u00e1rio toma todas as precau\u00e7\u00f5es razo\u00e1veis e segue as melhores pr\u00e1ticas da ind\u00fastria para evitar a sua perda, uso indevido, acesso impr\u00f3prio, divulga\u00e7\u00e3o, altera\u00e7\u00e3o ou destrui\u00e7\u00e3o. Os seus dados podem ser incorporados num ficheiro de listas de distribui\u00e7\u00e3o, cuja gest\u00e3o e tratamento s\u00e3o da responsabilidade do Respons\u00e1vel pelo tratamento. A seguran\u00e7a dos seus dados \u00e9 garantida, uma vez que o respons\u00e1vel pelo tratamento adopta todas as medidas de seguran\u00e7a necess\u00e1rias e garante que os dados pessoais apenas ser\u00e3o utilizados para os fins previstos. O Respons\u00e1vel pelo Tratamento informa o Utilizador de que os seus dados pessoais n\u00e3o ser\u00e3o transferidos para organiza\u00e7\u00f5es terceiras, exceto se essa transfer\u00eancia de dados estiver abrangida por uma obriga\u00e7\u00e3o legal ou se a presta\u00e7\u00e3o de um servi\u00e7o implicar a necessidade de uma rela\u00e7\u00e3o contratual com um processador de dados. Neste \u00faltimo caso, a transfer\u00eancia de dados para terceiros s\u00f3 ter\u00e1 lugar quando o respons\u00e1vel pelo tratamento de dados tiver o<\/p>\n","protected":false},"author":1,"featured_media":0,"parent":0,"menu_order":0,"comment_status":"closed","ping_status":"closed","template":"elementor_header_footer","meta":{"ocean_post_layout":"","ocean_both_sidebars_style":"","ocean_both_sidebars_content_width":0,"ocean_both_sidebars_sidebars_width":0,"ocean_sidebar":"","ocean_second_sidebar":"","ocean_disable_margins":"enable","ocean_add_body_class":"","ocean_shortcode_before_top_bar":"","ocean_shortcode_after_top_bar":"","ocean_shortcode_before_header":"","ocean_shortcode_after_header":"","ocean_has_shortcode":"","ocean_shortcode_after_title":"","ocean_shortcode_before_footer_widgets":"","ocean_shortcode_after_footer_widgets":"","ocean_shortcode_before_footer_bottom":"","ocean_shortcode_after_footer_bottom":"","ocean_display_top_bar":"default","ocean_display_header":"default","ocean_header_style":"","ocean_center_header_left_menu":"","ocean_custom_header_template":"","ocean_custom_logo":0,"ocean_custom_retina_logo":0,"ocean_custom_logo_max_width":0,"ocean_custom_logo_tablet_max_width":0,"ocean_custom_logo_mobile_max_width":0,"ocean_custom_logo_max_height":0,"ocean_custom_logo_tablet_max_height":0,"ocean_custom_logo_mobile_max_height":0,"ocean_header_custom_menu":"","ocean_menu_typo_font_family":"","ocean_menu_typo_font_subset":"","ocean_menu_typo_font_size":0,"ocean_menu_typo_font_size_tablet":0,"ocean_menu_typo_font_size_mobile":0,"ocean_menu_typo_font_size_unit":"px","ocean_menu_typo_font_weight":"","ocean_menu_typo_font_weight_tablet":"","ocean_menu_typo_font_weight_mobile":"","ocean_menu_typo_transform":"","ocean_menu_typo_transform_tablet":"","ocean_menu_typo_transform_mobile":"","ocean_menu_typo_line_height":0,"ocean_menu_typo_line_height_tablet":0,"ocean_menu_typo_line_height_mobile":0,"ocean_menu_typo_line_height_unit":"","ocean_menu_typo_spacing":0,"ocean_menu_typo_spacing_tablet":0,"ocean_menu_typo_spacing_mobile":0,"ocean_menu_typo_spacing_unit":"","ocean_menu_link_color":"","ocean_menu_link_color_hover":"","ocean_menu_link_color_active":"","ocean_menu_link_background":"","ocean_menu_link_hover_background":"","ocean_menu_link_active_background":"","ocean_menu_social_links_bg":"","ocean_menu_social_hover_links_bg":"","ocean_menu_social_links_color":"","ocean_menu_social_hover_links_color":"","ocean_disable_title":"default","ocean_disable_heading":"default","ocean_post_title":"","ocean_post_subheading":"","ocean_post_title_style":"","ocean_post_title_background_color":"","ocean_post_title_background":0,"ocean_post_title_bg_image_position":"","ocean_post_title_bg_image_attachment":"","ocean_post_title_bg_image_repeat":"","ocean_post_title_bg_image_size":"","ocean_post_title_height":0,"ocean_post_title_bg_overlay":0.5,"ocean_post_title_bg_overlay_color":"","ocean_disable_breadcrumbs":"default","ocean_breadcrumbs_color":"","ocean_breadcrumbs_separator_color":"","ocean_breadcrumbs_links_color":"","ocean_breadcrumbs_links_hover_color":"","ocean_display_footer_widgets":"default","ocean_display_footer_bottom":"default","ocean_custom_footer_template":"","footnotes":""},"class_list":["post-1897","page","type-page","status-publish","hentry","entry"],"yoast_head":"<!-- This site is optimized with the Yoast SEO plugin v27.4 - https:\/\/yoast.com\/product\/yoast-seo-wordpress\/ -->\n<title>Pol\u00edtica de privacidade - Supplaffairs<\/title>\n<meta name=\"robots\" content=\"noindex, follow\" \/>\n<meta property=\"og:locale\" content=\"pt_PT\" \/>\n<meta property=\"og:type\" content=\"article\" \/>\n<meta property=\"og:title\" content=\"Pol\u00edtica de privacidade - Supplaffairs\" \/>\n<meta property=\"og:description\" content=\"Pol\u00edtica de privacidade O Titular informa-o sobre a sua Pol\u00edtica de Privacidade relativa ao tratamento e prote\u00e7\u00e3o dos dados pessoais dos utilizadores que possam ser recolhidos durante a navega\u00e7\u00e3o atrav\u00e9s do Website: https:\/\/supplaffairs.com A este respeito, o Titular garante o cumprimento da legisla\u00e7\u00e3o vigente em mat\u00e9ria de prote\u00e7\u00e3o de dados pessoais, reflectida na Lei Org\u00e2nica 3\/2018, de 5 de dezembro, sobre a Prote\u00e7\u00e3o de Dados Pessoais e a Garantia dos Direitos Digitais (LOPD GDD). Tamb\u00e9m est\u00e1 em conformidade com o Regulamento (UE) 2016\/679 do Parlamento Europeu e do Conselho, de 27 de abril de 2016, relativo \u00e0 prote\u00e7\u00e3o das pessoas singulares (RGPD). A utiliza\u00e7\u00e3o do s\u00edtio web implica a aceita\u00e7\u00e3o da presente Pol\u00edtica de Privacidade, bem como das condi\u00e7\u00f5es inclu\u00eddas no\u00a0Aviso Legal. Identidade do respons\u00e1vel Respons\u00e1vel: Eva Tejerina Teb\u00e9. NIF: 47723591V Endere\u00e7o: Rambla de les Vinyes, 45, 4-5, 08291 Ripollet, Barcelona &#8211; Espa\u00f1a. Correio eletr\u00f3nico: info@supplaffairs.com S\u00edtio Web: https:\/\/supplaffairs.com Princ\u00edpios aplicados no tratamento de dados No tratamento dos seus dados pessoais, o respons\u00e1vel pelo tratamento de dados aplicar\u00e1 os seguintes princ\u00edpios que cumprem os requisitos do novo Regulamento Europeu de Prote\u00e7\u00e3o de Dados (RGPD): Princ\u00edpio da licitude, da lealdade e da transpar\u00eancia: o Respons\u00e1vel pelo Tratamento exigir\u00e1 sempre o consentimento para o tratamento dos dados pessoais, que pode ser para uma ou mais finalidades espec\u00edficas, sobre as quais o Respons\u00e1vel pelo Tratamento informar\u00e1 previamente o Utilizador com absoluta transpar\u00eancia. Princ\u00edpio da minimiza\u00e7\u00e3o dos dados: O Respons\u00e1vel pelo Tratamento solicitar\u00e1 apenas os dados estritamente necess\u00e1rios para a finalidade ou finalidades para as quais s\u00e3o solicitados. Princ\u00edpio da limita\u00e7\u00e3o do per\u00edodo de conserva\u00e7\u00e3o: O respons\u00e1vel pelo tratamento conserva os dados pessoais recolhidos durante o tempo estritamente necess\u00e1rio para a finalidade ou finalidades do tratamento. O Respons\u00e1vel pelo Tratamento informa o Utilizador do per\u00edodo de conserva\u00e7\u00e3o relevante em fun\u00e7\u00e3o da finalidade. No caso das subscri\u00e7\u00f5es, o Respons\u00e1vel pelo Tratamento rev\u00ea periodicamente as listas e elimina os registos que tenham estado inactivos durante um per\u00edodo de tempo consider\u00e1vel. Princ\u00edpio da integridade e confidencialidade: Os dados pessoais recolhidos ser\u00e3o tratados de forma a garantir a sua seguran\u00e7a, confidencialidade e integridade. O respons\u00e1vel pelo tratamento de dados toma as precau\u00e7\u00f5es necess\u00e1rias para impedir o acesso n\u00e3o autorizado ou a utiliza\u00e7\u00e3o abusiva dos dados dos seus utilizadores por terceiros. Recolha de dados pessoais Para navegar no s\u00edtio Web, n\u00e3o \u00e9 necess\u00e1rio fornecer quaisquer dados pessoais. Direitos O respons\u00e1vel pelo tratamento de dados informa-o de que tem o direito de: Solicitar o acesso aos dados armazenados. Solicitar a retifica\u00e7\u00e3o ou o apagamento. Solicitar a limita\u00e7\u00e3o do seu tratamento. Opor-se ao tratamento. N\u00e3o pode exercer o direito \u00e0 portabilidade dos dados. O exerc\u00edcio destes direitos \u00e9 pessoal e, por conseguinte, deve ser exercido diretamente pelo titular dos dados, solicitando-o diretamente ao Respons\u00e1vel pelo Tratamento, o que significa que qualquer cliente, assinante ou colaborador que tenha fornecido os seus dados em qualquer momento pode contactar o Respons\u00e1vel pelo Tratamento e solicitar informa\u00e7\u00f5es sobre os dados armazenados e a forma como foram obtidos, solicitar a retifica\u00e7\u00e3o dos dados, opor-se ao seu tratamento, limitar a sua utiliza\u00e7\u00e3o ou solicitar a elimina\u00e7\u00e3o desses dados dos ficheiros do Respons\u00e1vel pelo Tratamento. Para exercer os seus direitos, deve enviar o seu pedido, acompanhado de uma fotoc\u00f3pia do seu documento de identidade nacional ou equivalente, para o seguinte endere\u00e7o eletr\u00f3nico: info@supplaffairs.com. O exerc\u00edcio destes direitos n\u00e3o inclui os dados que o respons\u00e1vel pelo tratamento de dados \u00e9 obrigado a conservar para fins administrativos, jur\u00eddicos ou de seguran\u00e7a. Tem direito a uma prote\u00e7\u00e3o judicial eficaz e a apresentar uma queixa \u00e0 autoridade de controlo, neste caso, a Ag\u00eancia Espanhola de Prote\u00e7\u00e3o de Dados, se considerar que o tratamento dos dados pessoais que lhe dizem respeito viola o Regulamento. Objetivo do tratamento de dados pessoais Quando se liga ao S\u00edtio Web para enviar uma mensagem de correio eletr\u00f3nico ao Controlador de Dados, subscrever a sua newsletter, est\u00e1 a fornecer informa\u00e7\u00f5es pessoais pelas quais o Controlador de Dados \u00e9 respons\u00e1vel. Estas informa\u00e7\u00f5es podem incluir dados pessoais como o seu endere\u00e7o IP, nome pr\u00f3prio e apelido, endere\u00e7o f\u00edsico, endere\u00e7o de correio eletr\u00f3nico, n\u00famero de telefone e outras informa\u00e7\u00f5es. Ao fornecer estas informa\u00e7\u00f5es, o utilizador consente que as suas informa\u00e7\u00f5es sejam recolhidas, utilizadas, geridas e armazenadas por &#8211; Eva Tejerina Teb\u00e9 &#8211; apenas conforme descrito nas p\u00e1ginas: Aviso Legal Pol\u00edtica de Privacidade Os dados pessoais e a finalidade do tratamento pelo Titular s\u00e3o diferentes consoante o sistema de recolha de informa\u00e7\u00e3o: Existem outras finalidades para as quais o Titular trata os dados pessoais: Para garantir o cumprimento das condi\u00e7\u00f5es estabelecidas na p\u00e1gina Aviso Legal e na legisla\u00e7\u00e3o aplic\u00e1vel. Isto pode incluir o desenvolvimento de ferramentas e algoritmos para ajudar o Website a garantir a confidencialidade dos dados pessoais que recolhe. Para apoiar e melhorar os servi\u00e7os oferecidos por este S\u00edtio Web. Para analisar a navega\u00e7\u00e3o dos utilizadores. O Propriet\u00e1rio recolhe outros dados n\u00e3o identific\u00e1veis obtidos atrav\u00e9s da utiliza\u00e7\u00e3o de cookies que s\u00e3o descarregados para o computador do Utilizador quando este navega no Site, cujas caracter\u00edsticas e finalidade s\u00e3o detalhadas na p\u00e1gina Pol\u00edtica de Cookies. Seguran\u00e7a dos dados pessoais Para proteger os dados pessoais do Utilizador, o Propriet\u00e1rio toma todas as precau\u00e7\u00f5es razo\u00e1veis e segue as melhores pr\u00e1ticas da ind\u00fastria para evitar a sua perda, uso indevido, acesso impr\u00f3prio, divulga\u00e7\u00e3o, altera\u00e7\u00e3o ou destrui\u00e7\u00e3o. Os seus dados podem ser incorporados num ficheiro de listas de distribui\u00e7\u00e3o, cuja gest\u00e3o e tratamento s\u00e3o da responsabilidade do Respons\u00e1vel pelo tratamento. A seguran\u00e7a dos seus dados \u00e9 garantida, uma vez que o respons\u00e1vel pelo tratamento adopta todas as medidas de seguran\u00e7a necess\u00e1rias e garante que os dados pessoais apenas ser\u00e3o utilizados para os fins previstos. O Respons\u00e1vel pelo Tratamento informa o Utilizador de que os seus dados pessoais n\u00e3o ser\u00e3o transferidos para organiza\u00e7\u00f5es terceiras, exceto se essa transfer\u00eancia de dados estiver abrangida por uma obriga\u00e7\u00e3o legal ou se a presta\u00e7\u00e3o de um servi\u00e7o implicar a necessidade de uma rela\u00e7\u00e3o contratual com um processador de dados. Neste \u00faltimo caso, a transfer\u00eancia de dados para terceiros s\u00f3 ter\u00e1 lugar quando o respons\u00e1vel pelo tratamento de dados tiver o\" \/>\n<meta property=\"og:url\" content=\"https:\/\/supplaffairs.com\/pt-pt\/politica-de-privacidade\/\" \/>\n<meta property=\"og:site_name\" content=\"Supplaffairs\" \/>\n<meta property=\"article:modified_time\" content=\"2023-11-25T09:53:35+00:00\" \/>\n<meta name=\"twitter:card\" content=\"summary_large_image\" \/>\n<meta name=\"twitter:label1\" content=\"Tempo estimado de leitura\" \/>\n\t<meta name=\"twitter:data1\" content=\"9 minutos\" \/>\n<script type=\"application\/ld+json\" class=\"yoast-schema-graph\">{\"@context\":\"https:\\\/\\\/schema.org\",\"@graph\":[{\"@type\":\"WebPage\",\"@id\":\"https:\\\/\\\/supplaffairs.com\\\/pt-pt\\\/politica-de-privacidade\\\/\",\"url\":\"https:\\\/\\\/supplaffairs.com\\\/pt-pt\\\/politica-de-privacidade\\\/\",\"name\":\"Pol\u00edtica de privacidade - Supplaffairs\",\"isPartOf\":{\"@id\":\"https:\\\/\\\/supplaffairs.com\\\/#website\"},\"datePublished\":\"2023-11-14T16:12:01+00:00\",\"dateModified\":\"2023-11-25T09:53:35+00:00\",\"breadcrumb\":{\"@id\":\"https:\\\/\\\/supplaffairs.com\\\/pt-pt\\\/politica-de-privacidade\\\/#breadcrumb\"},\"inLanguage\":\"pt-PT\",\"potentialAction\":[{\"@type\":\"ReadAction\",\"target\":[\"https:\\\/\\\/supplaffairs.com\\\/pt-pt\\\/politica-de-privacidade\\\/\"]}]},{\"@type\":\"BreadcrumbList\",\"@id\":\"https:\\\/\\\/supplaffairs.com\\\/pt-pt\\\/politica-de-privacidade\\\/#breadcrumb\",\"itemListElement\":[{\"@type\":\"ListItem\",\"position\":1,\"name\":\"Portada\",\"item\":\"https:\\\/\\\/supplaffairs.com\\\/\"},{\"@type\":\"ListItem\",\"position\":2,\"name\":\"Pol\u00edtica de privacidade\"}]},{\"@type\":\"WebSite\",\"@id\":\"https:\\\/\\\/supplaffairs.com\\\/#website\",\"url\":\"https:\\\/\\\/supplaffairs.com\\\/\",\"name\":\"Supplaffairs\",\"description\":\"Consultor\u00eda de complementos alimenticios\",\"publisher\":{\"@id\":\"https:\\\/\\\/supplaffairs.com\\\/#organization\"},\"potentialAction\":[{\"@type\":\"SearchAction\",\"target\":{\"@type\":\"EntryPoint\",\"urlTemplate\":\"https:\\\/\\\/supplaffairs.com\\\/?s={search_term_string}\"},\"query-input\":{\"@type\":\"PropertyValueSpecification\",\"valueRequired\":true,\"valueName\":\"search_term_string\"}}],\"inLanguage\":\"pt-PT\"},{\"@type\":\"Organization\",\"@id\":\"https:\\\/\\\/supplaffairs.com\\\/#organization\",\"name\":\"Supplaffairs\",\"url\":\"https:\\\/\\\/supplaffairs.com\\\/\",\"logo\":{\"@type\":\"ImageObject\",\"inLanguage\":\"pt-PT\",\"@id\":\"https:\\\/\\\/supplaffairs.com\\\/#\\\/schema\\\/logo\\\/image\\\/\",\"url\":\"https:\\\/\\\/supplaffairs.com\\\/wp-content\\\/uploads\\\/2023\\\/10\\\/logo-Supplafairs-blanco.png\",\"contentUrl\":\"https:\\\/\\\/supplaffairs.com\\\/wp-content\\\/uploads\\\/2023\\\/10\\\/logo-Supplafairs-blanco.png\",\"width\":500,\"height\":290,\"caption\":\"Supplaffairs\"},\"image\":{\"@id\":\"https:\\\/\\\/supplaffairs.com\\\/#\\\/schema\\\/logo\\\/image\\\/\"}}]}<\/script>\n<!-- \/ Yoast SEO plugin. -->","yoast_head_json":{"title":"Pol\u00edtica de privacidade - Supplaffairs","robots":{"index":"noindex","follow":"follow"},"og_locale":"pt_PT","og_type":"article","og_title":"Pol\u00edtica de privacidade - Supplaffairs","og_description":"Pol\u00edtica de privacidade O Titular informa-o sobre a sua Pol\u00edtica de Privacidade relativa ao tratamento e prote\u00e7\u00e3o dos dados pessoais dos utilizadores que possam ser recolhidos durante a navega\u00e7\u00e3o atrav\u00e9s do Website: https:\/\/supplaffairs.com A este respeito, o Titular garante o cumprimento da legisla\u00e7\u00e3o vigente em mat\u00e9ria de prote\u00e7\u00e3o de dados pessoais, reflectida na Lei Org\u00e2nica 3\/2018, de 5 de dezembro, sobre a Prote\u00e7\u00e3o de Dados Pessoais e a Garantia dos Direitos Digitais (LOPD GDD). Tamb\u00e9m est\u00e1 em conformidade com o Regulamento (UE) 2016\/679 do Parlamento Europeu e do Conselho, de 27 de abril de 2016, relativo \u00e0 prote\u00e7\u00e3o das pessoas singulares (RGPD). A utiliza\u00e7\u00e3o do s\u00edtio web implica a aceita\u00e7\u00e3o da presente Pol\u00edtica de Privacidade, bem como das condi\u00e7\u00f5es inclu\u00eddas no\u00a0Aviso Legal. Identidade do respons\u00e1vel Respons\u00e1vel: Eva Tejerina Teb\u00e9. NIF: 47723591V Endere\u00e7o: Rambla de les Vinyes, 45, 4-5, 08291 Ripollet, Barcelona &#8211; Espa\u00f1a. Correio eletr\u00f3nico: info@supplaffairs.com S\u00edtio Web: https:\/\/supplaffairs.com Princ\u00edpios aplicados no tratamento de dados No tratamento dos seus dados pessoais, o respons\u00e1vel pelo tratamento de dados aplicar\u00e1 os seguintes princ\u00edpios que cumprem os requisitos do novo Regulamento Europeu de Prote\u00e7\u00e3o de Dados (RGPD): Princ\u00edpio da licitude, da lealdade e da transpar\u00eancia: o Respons\u00e1vel pelo Tratamento exigir\u00e1 sempre o consentimento para o tratamento dos dados pessoais, que pode ser para uma ou mais finalidades espec\u00edficas, sobre as quais o Respons\u00e1vel pelo Tratamento informar\u00e1 previamente o Utilizador com absoluta transpar\u00eancia. Princ\u00edpio da minimiza\u00e7\u00e3o dos dados: O Respons\u00e1vel pelo Tratamento solicitar\u00e1 apenas os dados estritamente necess\u00e1rios para a finalidade ou finalidades para as quais s\u00e3o solicitados. Princ\u00edpio da limita\u00e7\u00e3o do per\u00edodo de conserva\u00e7\u00e3o: O respons\u00e1vel pelo tratamento conserva os dados pessoais recolhidos durante o tempo estritamente necess\u00e1rio para a finalidade ou finalidades do tratamento. O Respons\u00e1vel pelo Tratamento informa o Utilizador do per\u00edodo de conserva\u00e7\u00e3o relevante em fun\u00e7\u00e3o da finalidade. No caso das subscri\u00e7\u00f5es, o Respons\u00e1vel pelo Tratamento rev\u00ea periodicamente as listas e elimina os registos que tenham estado inactivos durante um per\u00edodo de tempo consider\u00e1vel. Princ\u00edpio da integridade e confidencialidade: Os dados pessoais recolhidos ser\u00e3o tratados de forma a garantir a sua seguran\u00e7a, confidencialidade e integridade. O respons\u00e1vel pelo tratamento de dados toma as precau\u00e7\u00f5es necess\u00e1rias para impedir o acesso n\u00e3o autorizado ou a utiliza\u00e7\u00e3o abusiva dos dados dos seus utilizadores por terceiros. Recolha de dados pessoais Para navegar no s\u00edtio Web, n\u00e3o \u00e9 necess\u00e1rio fornecer quaisquer dados pessoais. Direitos O respons\u00e1vel pelo tratamento de dados informa-o de que tem o direito de: Solicitar o acesso aos dados armazenados. Solicitar a retifica\u00e7\u00e3o ou o apagamento. Solicitar a limita\u00e7\u00e3o do seu tratamento. Opor-se ao tratamento. N\u00e3o pode exercer o direito \u00e0 portabilidade dos dados. O exerc\u00edcio destes direitos \u00e9 pessoal e, por conseguinte, deve ser exercido diretamente pelo titular dos dados, solicitando-o diretamente ao Respons\u00e1vel pelo Tratamento, o que significa que qualquer cliente, assinante ou colaborador que tenha fornecido os seus dados em qualquer momento pode contactar o Respons\u00e1vel pelo Tratamento e solicitar informa\u00e7\u00f5es sobre os dados armazenados e a forma como foram obtidos, solicitar a retifica\u00e7\u00e3o dos dados, opor-se ao seu tratamento, limitar a sua utiliza\u00e7\u00e3o ou solicitar a elimina\u00e7\u00e3o desses dados dos ficheiros do Respons\u00e1vel pelo Tratamento. Para exercer os seus direitos, deve enviar o seu pedido, acompanhado de uma fotoc\u00f3pia do seu documento de identidade nacional ou equivalente, para o seguinte endere\u00e7o eletr\u00f3nico: info@supplaffairs.com. O exerc\u00edcio destes direitos n\u00e3o inclui os dados que o respons\u00e1vel pelo tratamento de dados \u00e9 obrigado a conservar para fins administrativos, jur\u00eddicos ou de seguran\u00e7a. Tem direito a uma prote\u00e7\u00e3o judicial eficaz e a apresentar uma queixa \u00e0 autoridade de controlo, neste caso, a Ag\u00eancia Espanhola de Prote\u00e7\u00e3o de Dados, se considerar que o tratamento dos dados pessoais que lhe dizem respeito viola o Regulamento. Objetivo do tratamento de dados pessoais Quando se liga ao S\u00edtio Web para enviar uma mensagem de correio eletr\u00f3nico ao Controlador de Dados, subscrever a sua newsletter, est\u00e1 a fornecer informa\u00e7\u00f5es pessoais pelas quais o Controlador de Dados \u00e9 respons\u00e1vel. Estas informa\u00e7\u00f5es podem incluir dados pessoais como o seu endere\u00e7o IP, nome pr\u00f3prio e apelido, endere\u00e7o f\u00edsico, endere\u00e7o de correio eletr\u00f3nico, n\u00famero de telefone e outras informa\u00e7\u00f5es. Ao fornecer estas informa\u00e7\u00f5es, o utilizador consente que as suas informa\u00e7\u00f5es sejam recolhidas, utilizadas, geridas e armazenadas por &#8211; Eva Tejerina Teb\u00e9 &#8211; apenas conforme descrito nas p\u00e1ginas: Aviso Legal Pol\u00edtica de Privacidade Os dados pessoais e a finalidade do tratamento pelo Titular s\u00e3o diferentes consoante o sistema de recolha de informa\u00e7\u00e3o: Existem outras finalidades para as quais o Titular trata os dados pessoais: Para garantir o cumprimento das condi\u00e7\u00f5es estabelecidas na p\u00e1gina Aviso Legal e na legisla\u00e7\u00e3o aplic\u00e1vel. Isto pode incluir o desenvolvimento de ferramentas e algoritmos para ajudar o Website a garantir a confidencialidade dos dados pessoais que recolhe. Para apoiar e melhorar os servi\u00e7os oferecidos por este S\u00edtio Web. Para analisar a navega\u00e7\u00e3o dos utilizadores. O Propriet\u00e1rio recolhe outros dados n\u00e3o identific\u00e1veis obtidos atrav\u00e9s da utiliza\u00e7\u00e3o de cookies que s\u00e3o descarregados para o computador do Utilizador quando este navega no Site, cujas caracter\u00edsticas e finalidade s\u00e3o detalhadas na p\u00e1gina Pol\u00edtica de Cookies. Seguran\u00e7a dos dados pessoais Para proteger os dados pessoais do Utilizador, o Propriet\u00e1rio toma todas as precau\u00e7\u00f5es razo\u00e1veis e segue as melhores pr\u00e1ticas da ind\u00fastria para evitar a sua perda, uso indevido, acesso impr\u00f3prio, divulga\u00e7\u00e3o, altera\u00e7\u00e3o ou destrui\u00e7\u00e3o. Os seus dados podem ser incorporados num ficheiro de listas de distribui\u00e7\u00e3o, cuja gest\u00e3o e tratamento s\u00e3o da responsabilidade do Respons\u00e1vel pelo tratamento. A seguran\u00e7a dos seus dados \u00e9 garantida, uma vez que o respons\u00e1vel pelo tratamento adopta todas as medidas de seguran\u00e7a necess\u00e1rias e garante que os dados pessoais apenas ser\u00e3o utilizados para os fins previstos. O Respons\u00e1vel pelo Tratamento informa o Utilizador de que os seus dados pessoais n\u00e3o ser\u00e3o transferidos para organiza\u00e7\u00f5es terceiras, exceto se essa transfer\u00eancia de dados estiver abrangida por uma obriga\u00e7\u00e3o legal ou se a presta\u00e7\u00e3o de um servi\u00e7o implicar a necessidade de uma rela\u00e7\u00e3o contratual com um processador de dados. Neste \u00faltimo caso, a transfer\u00eancia de dados para terceiros s\u00f3 ter\u00e1 lugar quando o respons\u00e1vel pelo tratamento de dados tiver o","og_url":"https:\/\/supplaffairs.com\/pt-pt\/politica-de-privacidade\/","og_site_name":"Supplaffairs","article_modified_time":"2023-11-25T09:53:35+00:00","twitter_card":"summary_large_image","twitter_misc":{"Tempo estimado de leitura":"9 minutos"},"schema":{"@context":"https:\/\/schema.org","@graph":[{"@type":"WebPage","@id":"https:\/\/supplaffairs.com\/pt-pt\/politica-de-privacidade\/","url":"https:\/\/supplaffairs.com\/pt-pt\/politica-de-privacidade\/","name":"Pol\u00edtica de privacidade - Supplaffairs","isPartOf":{"@id":"https:\/\/supplaffairs.com\/#website"},"datePublished":"2023-11-14T16:12:01+00:00","dateModified":"2023-11-25T09:53:35+00:00","breadcrumb":{"@id":"https:\/\/supplaffairs.com\/pt-pt\/politica-de-privacidade\/#breadcrumb"},"inLanguage":"pt-PT","potentialAction":[{"@type":"ReadAction","target":["https:\/\/supplaffairs.com\/pt-pt\/politica-de-privacidade\/"]}]},{"@type":"BreadcrumbList","@id":"https:\/\/supplaffairs.com\/pt-pt\/politica-de-privacidade\/#breadcrumb","itemListElement":[{"@type":"ListItem","position":1,"name":"Portada","item":"https:\/\/supplaffairs.com\/"},{"@type":"ListItem","position":2,"name":"Pol\u00edtica de privacidade"}]},{"@type":"WebSite","@id":"https:\/\/supplaffairs.com\/#website","url":"https:\/\/supplaffairs.com\/","name":"Supplaffairs","description":"Consultor\u00eda de complementos alimenticios","publisher":{"@id":"https:\/\/supplaffairs.com\/#organization"},"potentialAction":[{"@type":"SearchAction","target":{"@type":"EntryPoint","urlTemplate":"https:\/\/supplaffairs.com\/?s={search_term_string}"},"query-input":{"@type":"PropertyValueSpecification","valueRequired":true,"valueName":"search_term_string"}}],"inLanguage":"pt-PT"},{"@type":"Organization","@id":"https:\/\/supplaffairs.com\/#organization","name":"Supplaffairs","url":"https:\/\/supplaffairs.com\/","logo":{"@type":"ImageObject","inLanguage":"pt-PT","@id":"https:\/\/supplaffairs.com\/#\/schema\/logo\/image\/","url":"https:\/\/supplaffairs.com\/wp-content\/uploads\/2023\/10\/logo-Supplafairs-blanco.png","contentUrl":"https:\/\/supplaffairs.com\/wp-content\/uploads\/2023\/10\/logo-Supplafairs-blanco.png","width":500,"height":290,"caption":"Supplaffairs"},"image":{"@id":"https:\/\/supplaffairs.com\/#\/schema\/logo\/image\/"}}]}},"rttpg_featured_image_url":null,"rttpg_author":{"display_name":"infozuk","author_link":"https:\/\/supplaffairs.com\/pt-pt\/author\/infozuk\/"},"rttpg_comment":0,"rttpg_category":" <a href=\"https:\/\/supplaffairs.com\/pt-pt\/?taxonomy=translation_priority&#038;term=opcional-pt-pt\" rel=\"tag\">Opcional<\/a>","rttpg_excerpt":"Pol\u00edtica de privacidade O Titular informa-o sobre a sua Pol\u00edtica de Privacidade relativa ao tratamento e prote\u00e7\u00e3o dos dados pessoais dos utilizadores que possam ser recolhidos durante a navega\u00e7\u00e3o atrav\u00e9s do Website: https:\/\/supplaffairs.com A este respeito, o Titular garante o cumprimento da legisla\u00e7\u00e3o vigente em mat\u00e9ria de prote\u00e7\u00e3o de dados pessoais, reflectida na Lei Org\u00e2nica&hellip;","_links":{"self":[{"href":"https:\/\/supplaffairs.com\/pt-pt\/wp-json\/wp\/v2\/pages\/1897","targetHints":{"allow":["GET"]}}],"collection":[{"href":"https:\/\/supplaffairs.com\/pt-pt\/wp-json\/wp\/v2\/pages"}],"about":[{"href":"https:\/\/supplaffairs.com\/pt-pt\/wp-json\/wp\/v2\/types\/page"}],"author":[{"embeddable":true,"href":"https:\/\/supplaffairs.com\/pt-pt\/wp-json\/wp\/v2\/users\/1"}],"replies":[{"embeddable":true,"href":"https:\/\/supplaffairs.com\/pt-pt\/wp-json\/wp\/v2\/comments?post=1897"}],"version-history":[{"count":10,"href":"https:\/\/supplaffairs.com\/pt-pt\/wp-json\/wp\/v2\/pages\/1897\/revisions"}],"predecessor-version":[{"id":2469,"href":"https:\/\/supplaffairs.com\/pt-pt\/wp-json\/wp\/v2\/pages\/1897\/revisions\/2469"}],"wp:attachment":[{"href":"https:\/\/supplaffairs.com\/pt-pt\/wp-json\/wp\/v2\/media?parent=1897"}],"curies":[{"name":"wp","href":"https:\/\/api.w.org\/{rel}","templated":true}]}}